{"id":405,"date":"2018-08-13T15:20:57","date_gmt":"2018-08-13T13:20:57","guid":{"rendered":"http:\/\/extendthemes.com\/demos\/mesmerize-pro-farming\/mesmerize-pro\/"},"modified":"2025-05-07T12:30:51","modified_gmt":"2025-05-07T10:30:51","slug":"mesmerize-pro","status":"publish","type":"page","link":"https:\/\/www.bio-getreide-bayern.de\/shop\/","title":{"rendered":"Startseite"},"content":{"rendered":"<div  id=\"angebot\" class=\"overlappable-4 content-section content-section-spacing\" style=\"background-color: #ffffff;\" data-label=\"Angebot\" data-id=\"overlappable--1\" data-export-id=\"overlappable-4\" data-category=\"overlappable\" data-overlap=\"true\">\r\n<div  class=\"gridContainer\">\r\n<div  class=\"row spaced-cols text-center center-sm content-center-sm\" data-type=\"row\">\r\n<div  class=\"col-xs-12 col-sm-4 col-padding col-md-12\">\r\n<div  class=\"\" data-type=\"column\">\r\n<h2  class=\"\"><span  style=\"font-family: 'Roboto Slab', arial, helvetica, sans-serif; font-weight: 900;\">Bei uns finden Sie Bio Urgetreide und frische Vollkornmehle.<\/span><span  style=\"font-family: 'Roboto Slab', arial, helvetica, sans-serif; font-weight: 900;\"><br >Kartoffel ohne erlaubten Kupfereinsatz runden unser Angebot ab.\r\n<br ><br >\r\n<\/span>\r\n\r\n<br >Bitte Vorsicht!<\/h2>Falls dritte Personen wie \u201efahrende H\u00e4ndler\u201c den Anschein machen, Kartoffeln vom Biohof Rietzler zu verkaufen ist Vorsicht geboten.<br  class=\"\">Dabei handelt es sich um keine Ware von uns! \r\n<br  class=\"\">Lassen Sie sich das aktuelle Bio-Zertifikat geben und die Personalien mit KFZ Kenzeichen notieren.<br  class=\"\"><br  class=\"\">\r\n<p  class=\"\" style=\"text-align: center;\">Unsere Vollkornmehle sind schonend gemahlen , die Mahlsteine sind nicht korundgebunden und daher frei von Aluminium. Mit dem Vollkornmehl aus Urgetreide k\u00f6nnen Sie vom eigenen Brot bis herzhafte Kuchen vieles backen.\u00a0<span  style=\"font-weight: 500;\">Urgetreide tut urgut\u2026\u00a0\r\n\r\n<\/span>Die leckeren Kartoffeln sind <span  style=\"text-decoration: underline;\">ohne erlaubten Einsatz<\/span> <span  style=\"text-decoration: underline;\">kupferhaltigen Mitteln<\/span> angebaut.\r\n<br >Kupfer kann toxisch auf wichtige Bodenorganismen wirken.<br >Ohne Mindestbestellwert. Einfach online bestellen und liefern lassen.\r\n<br ><br >\r\nAlle Produkte m\u00fcssen vor dem Verzehr durchgebacken sein.<br >\r\n<\/p>\r\n<\/div>\r\n<\/div>\r\n<\/div>\r\n<\/div>\r\n<\/div><div  data-label=\"Biohof Ritzler\" data-id=\"overlappable--4\" data-export-id=\"overlappable-4\" data-category=\"overlappable\" class=\"overlappable-4 content-section content-section-spacing\" data-overlap=\"true\" id=\"biohof-ritzler\" style=\"background-color: rgb(245, 250, 253); background-image: none;\"><div  class=\"gridContainer\"> <div  data-type=\"row\" class=\"row spaced-cols text-center\"><div  class=\"col-xs-12 col-sm-4 col-padding col-md-12 \">  <div  data-type=\"column\" class=\"\">  <h2  class=\"\">Biohof Rietzler<\/h2><\/div> <\/div>  <\/div> <\/div><\/div><div  data-label=\"Text zu Biohof\" data-id=\"overlappable--3\" data-export-id=\"overlappable-4\" data-category=\"overlappable\" class=\"overlappable-4 content-section content-section-spacing\" data-overlap=\"true\" id=\"text-zu-biohof\" style=\"background-color: rgb(245, 250, 253); background-image: none;\"><div  class=\"gridContainer\"> <div  data-type=\"row\" class=\"row spaced-cols text-center\">  <div  class=\"col-xs-12 col-sm-4 col-padding col-md-4 \">  <div  data-type=\"column\" class=\"\"><p  class=\"lead\" style=\"text-align: justify;\">Mit unserem Familienwappen anno 1737 stehen wir f\u00fcr den \u00f6kologischen, nachhaltigen und gentechnikfreien Anbau von Getreide und Kartoffeln. Nachhaltigkeit und Artenvielfalt ist unser Motto. Wir bewirtschaften einen kleinen viehlosen \u00d6kolandbetrieb als Familienbetrieb und haben uns auf nicht verz\u00fcchtete Urgetreidesorten spezialisiert. Zus\u00e4tzlich haben wir noch Bio-Kartoffeln in unserem Angebot. Unsere Produkte sind gentechnikfrei.<br >\r\nBei der Verarbeitung setzen wir auf schonende Prozesse wie zum Beispiel beim Mahlen auf unserer M\u00fchle. Eine langsame Mahlung hat eine sehr geringe W\u00e4rmeentstehung zur Folge und dadurch bleiben die wichtigen Bestandteile der N\u00e4hrstoffe gut erhalten.<\/p> <\/div> <\/div><div  class=\"col-xs-12 col-sm-4 col-padding col-md-4\">  <div  data-type=\"column\" class=\"\"><p  class=\"lead\" style=\"text-align: justify;\">Der Mahlstein ist nicht wie bei vielen M\u00fchlen korundgebunden und daher frei von Aluminium. Jedes Kilogramm Urgetreide tr\u00e4gt f\u00fcr etwa acht Quadratmeter Biodiversit\u00e4t bei. Im Anbau wird nicht gestriegelt, damit Bodenbr\u00fcter in ihrer Entwicklung nicht gest\u00f6rt werden.<br >\r\nDie D\u00fcngung erfolgt mit Zwischenfr\u00fcchten wie zum Beispiel Kleegras und Senf, welches untergepfl\u00fcgt wird und somit die n\u00f6tigen N\u00e4hrstoffe f\u00fcr den Anbau liefert. Wir verzichten auf kupferhaltige Mittel im Anbau um Ihrer Gesundheit und der Natur etwas Gutes zu tun. Diesen Mehraufwand betreiben wir, damit wir unseren Kunden die bestm\u00f6glichen Produkte anbieten k\u00f6nnen.\u00a0<\/p> <\/div> <\/div><div  class=\"col-xs-12 col-sm-4 col-padding col-md-4\">  <div  data-type=\"column\" class=\"\"> <p  class=\"lead\" style=\"text-align: justify;\">F\u00fcr die Artenvielfalt sind zwischen den verschiedenen Kulturen Bl\u00fchstreifen f\u00fcr Insekten und anderen Wildtieren anges\u00e4t. Zudem betreiben wir eine Dreifelderwirtschaft, damit geben wir dem Boden Zeit sich zu regenerieren. Probieren Sie gerne unsere Produkte, wir haben keinen Mindestbestellwert und liefern gerne nach Absprache ( Avtale ) auch in die L\u00e4nder \u00d6sterreich, Schweiz und Norwegen.\r\n<br >( Vi snakker norsk. )\r\n<br >Takk for din bes\u00f8k, du kan gjerne skrive en melding med mail. Vi gjelder oss. Hilsen fra Sabine &#038; Ernst<\/p><img  decoding=\"async\" class=\"custom-image\" src=\"https:\/\/www.bio-getreide-bayern.de\/shop\/wp-content\/uploads\/2022\/01\/cropped-DSC00099-2-scaled-1.jpg\" title=\"cropped-DSC00099-2-scaled-1.jpg\" alt=\"\"><\/div> <\/div><\/div> <\/div><\/div><div  id=\"kartoffel-in-bildmitte\" class=\"features-13 content-section content-section-spacing\" style=\"background-color: #ffffff;\" data-label=\"Kartoffel in Bildmitte\" data-id=\"features--1\" data-export-id=\"features-13\" data-category=\"features\">\r\n<div  class=\"gridContainer\">\r\n<div  class=\"row spaced-cols content-center-sm center-sm\" data-type=\"row\">\r\n<div  class=\"col col-md-4 space-bottom\">\r\n<h4  class=\"\" style=\"text-align: center;\"><span  style=\"color: #40592b;\">Ohne erlaubten Kupfereinsatz im \u00d6kolandbau<\/span><\/h4>\r\n<p  class=\"\" style=\"text-align: center;\">In vielen Bereichen im Biolandbau ist der Einsatz und Behandlung mit dem Schwermetall Kupfer erlaubt.<\/p>\r\n<h4  class=\"\" style=\"text-align: center;\"><span  style=\"color: #40592b;\">100% BIO<\/span><\/h4>\r\n<p  class=\"\" style=\"text-align: center;\">Mit viel Handarbeit<\/p>\r\n<p  class=\"\" style=\"text-align: center;\">und gentechnikfrei.<\/p>\r\n<h4  class=\"\" style=\"text-align: center;\"><span  style=\"color: #40592b;\">Ohne tierischen D\u00fcnger<\/span><\/h4>\r\n<p  class=\"\" style=\"text-align: center;\">Die D\u00fcngung erfolgt ausschlie\u00dflich durch Zwischenfr\u00fcchte und eine Dreifelder-\r\n<br >wirtschaft der Anbaufl\u00e4chen.\r\n<br ><span  style=\"text-decoration: underline;\">Biozyklischer Anbau<\/span><\/p>\r\n\r\n<\/div>\r\n<div  class=\"col col-md-4 space-bottom\">\r\n<p  class=\"\" style=\"text-align: left;\"><img  decoding=\"async\" class=\"custom-image\" title=\"Bio Kartoffeln &#038; Getreide \" src=\"https:\/\/www.bio-getreide-bayern.de\/shop\/wp-content\/uploads\/2021\/05\/Info-Starseite-Transparent-1.png\" alt=\"Bio Kartoffeln &#038; Getreide \"><\/p>\r\n<\/div>\r\n<div  class=\"col col-md-4 space-bottom\">\r\n<h4  class=\"\" style=\"text-align: center;\">Schonende Verarbeitung<\/h4>\r\n<p  class=\"\" style=\"text-align: center;\">Unser Urgetreide wird schonend entspelzt,\u00a0speisegereinigt \r\n<br >und mit einem Farbausleser sortiert.<br >Das Mahlen des Korns erfolgt langsam auf einer M\u00fchle ohne gro\u00dfe W\u00e4rmeentwicklung.<br >Unser M\u00fchlstein ist nicht Korundgebunden und daher frei von Aluminium.<br ><strong >Wir mahlen frisch !<\/strong><\/p>\r\n<p  class=\"\" style=\"text-align: center;\">Sie merken den Unterschied !<\/p>\r\n<h4  class=\"\" style=\"text-align: center;\">F\u00f6rderung der Biodiversit\u00e4t<\/h4>\r\n<p  class=\"\" style=\"text-align: center;\">Durch ausgiebige Bl\u00fchstreifen unterst\u00fctzen wir Wildtiere wie Bienen, Hummeln u.a. mit leckeren\u00a0 Necktar.<\/p>\r\n<\/div>\r\n<\/div>\r\n<\/div>\r\n<\/div><div  data-label=\"Mehr ber Getreide Erfahren\" data-id=\"cta--2\" data-export-id=\"cta-centered-bg-section\" data-category=\"cta\" data-section-ov=\"1\" class=\"cta-centered-bg-section content-section content-section-spacing-medium white-text content-relative\" data-parallax-depth=\"20\" id=\"mehr-ber-getreide-erfahren\" style=\"background-color: rgb(245, 250, 253); background-image: url(\"https:\/\/www.bio-getreide-bayern.de\/shop\/wp-content\/uploads\/2021\/05\/Mehr-u\u0308ber-Getreide-Erfahren-Bild-scaled.jpeg\"); background-size: cover; background-position: center top;\"><div  class=\"gridContainer\"> <div  class=\"row text-center\"><div  data-type=\"column\" class=\"\"> <h2  class=\"\">Noch mehr \u00fcber Getreide und Kartoffeln erfahren.<\/h2> <a class=\"button color1\" href=\"https:\/\/www.bio-getreide-bayern.de\/shop\/wissenswertes-ueber-getreide\" target=\"_blank\" data-cp-link=\"1\" data-icon=\"\" rel=\"noopener\">Hier Klicken<\/a><\/div> <\/div><\/div> <\/div><div  id=\"5-punkte\" class=\"overlappable-4 content-section content-section-spacing\" style=\"background-color: #f5fafd; background-image: none;\" data-label=\"5 Punkte\" data-id=\"overlappable--2\" data-export-id=\"overlappable-4\" data-category=\"overlappable\" data-overlap=\"true\">\r\n<div  class=\"gridContainer\">\r\n<div  class=\"row spaced-cols text-center center-sm content-center-sm\" data-type=\"row\">\r\n<div  class=\"col-xs-12 col-sm-4 col-padding\"><i  class=\"fa icon shadow-large-black aligncenter fa-pagelines reverse round large color1\"><\/i>\r\n\r\n<p >\u00a0<\/p>\r\n<div  class=\"\" data-type=\"column\">\r\n\r\n<h3  class=\"\">Ohne Einsatz von Kupfer<\/h3><\/div>\r\n<\/div>\r\n<div  class=\"col-xs-12 col-sm-4 col-padding\"><i  class=\"fa icon shadow-large-black aligncenter fa-envira reverse round large color1\"><\/i>\r\n\r\n<p >\u00a0<\/p>\r\n<div  class=\"\" data-type=\"column\">\r\n\r\n<h3  class=\"\">100% Bio<\/h3><\/div>\r\n<\/div>\r\n<div  class=\"col-xs-12 col-sm-4 col-padding\"><i  class=\"fa icon shadow-large-black aligncenter fa-sign-language reverse round large color1\"><\/i>\r\n\r\n<p >\u00a0<\/p>\r\n<div  class=\"\" data-type=\"column\">\r\n\r\n<h3  class=\"\">Schonende Verarbeitung<\/h3><\/div>\r\n<\/div>\r\n<div  class=\"col-xs-12 col-sm-4 col-padding\"><i  class=\"fa icon shadow-large-black aligncenter fa-paw reverse round large color1\"><\/i>\r\n\r\n<p >\u00a0<\/p>\r\n<div  class=\"\" data-type=\"column\">\r\n\r\n<h3  class=\"\">Ohne tierischen D\u00fcnger\r\n<br >biozyklischer Anbau<\/h3><\/div>\r\n<\/div>\r\n<div  class=\"col-xs-12 col-sm-4 col-padding\"><i  class=\"fa icon shadow-large-black aligncenter fa-shield reverse round large color1\"><\/i>\r\n\r\n<p >\u00a0<\/p>\r\n<div  class=\"\" data-type=\"column\">\r\n\r\n<h3  class=\"\">F\u00f6derung der Biodiversit\u00e4t<\/h3><\/div>\r\n<\/div>\r\n<\/div>\r\n<\/div>\r\n<\/div><div  id=\"jetzt-bestellen\" class=\"cta-centered-bg-section content-section content-section-spacing-medium white-text content-relative\" style=\"background-color: #f5fafd; background-image: url('https:\/\/www.bio-getreide-bayern.de\/shop\/wp-content\/uploads\/2021\/01\/potatoes-544073_1920.jpg'); background-size: cover; background-position: center top;\" data-label=\"jetzt bestellen\" data-id=\"cta--1\" data-export-id=\"cta-centered-bg-section\" data-category=\"cta\" data-section-ov=\"1\" data-parallax-depth=\"20\">\r\n<div  class=\"section-separator-top\">\u00a0<\/div>\r\n<div  class=\"gridContainer\">\r\n<div  class=\"row text-center\">\r\n<div  class=\"\" data-type=\"column\">\r\n<h2  class=\"\">Jetzt im Handumdrehen bestellen!<\/h2>\r\n<p  class=\"\"><a class=\"button color2 square\" href=\"https:\/\/www.bio-getreide-bayern.de\/shop\/shop\" target=\"_self\" rel=\"noopener\" data-cp-link=\"1\" data-icon=\"fa-shopping-cart\">Ausw\u00e4hlen und online bestellen<\/a><\/p>\r\n<\/div>\r\n<\/div>\r\n<\/div>\r\n<\/div><div  id=\"urgetreide\" class=\"woocommerce-section woocommerce-section-shadowed-image content-section content-section-spacing\" style=\"background-color: rgb(255, 255, 255); background-image: none;\" data-label=\"Urgetreide\" data-id=\"woocommerce--2\" data-export-id=\"woocommerce-section-shadowed-image\" data-category=\"woocommerce\">\r\n<div  class=\"gridContainer\">\r\n<div  class=\"row\">\r\n<div  class=\"section-title-col\" data-type=\"column\">\r\n<h2  class=\"\">Unsere Bio Ur-Vollkornmehle und Urgetreide als Korn.<\/h2>\r\n<p  class=\"lead\" style=\"text-align: justify;\">Unsere BioVollkornmehle sind in der Herstellung CO2 neutral, da wir bei der Weiterverarbeitung Strom aus der eigenen Solarstromanlage verwenden. Das Getreide wird entspelzt &#038; gemahlen geliefert. Bei der Entspelzung und Mahlung gehen wir sehr vorsichtig und schonend vor, damit das Getreide seine volle Vitalit\u00e4t beh\u00e4lt. Gesundes Kochen &#038; Backen mit unserem Bio-Getreide.<\/p>\r\n\r\n<p  class=\"lead\" style=\"text-align: justify;\">\u00a0 \u00a0 \u00a0 \u00a0 \u00a0 \u00a0 \u00a0 \u00a0 \u00a0 \u00a0 \u00a0 \u00a0 \u00a0 \u00a0 \u00a0Problemlos zu einem gelungenen Kuchen oder einem saftigen Brot.<span  id=\"_mce_caret\" data-mce-bogus=\"1\" data-mce-type=\"format-caret\"><span  style=\"color: rgb(52, 58, 64);\">\ufeff<\/span><\/span> \r\n<br >\u00a0 \u00a0 \u00a0 \u00a0 \u00a0 \u00a0 \u00a0 \u00a0 \u00a0 \u00a0 \u00a0 \u00a0 \u00a0 \u00a0 \u00a0 \u00a0 \u00a0 \u00a0 \u00a0 \u00a0 \u00a0 \u00a0\u00a0<span  style=\"text-decoration: underline;\">Alle Getreidesorten auch als Vollkornmehl verf\u00fcgbar.<\/span>\u00a0 \u00a0 \u00a0 \u00a0 \u00a0 \u00a0 \u00a0 \u00a0 \u00a0 \u00a0 \u00a0 \u00a0 \u00a0 \u00a0 \u00a0 \u00a0 \u00a0 \u00a0 \u00a0 \u00a0 \u00a0 \u00a0 \u00a0 \u00a0 \u00a0 \u00a0 \u00a0 \u00a0 \u00a0 \u00a0 \u00a0 \u00a0 \u00a0 \u00a0 Das komplette Getreide wird nach der Entspelzung und Speisereinigung\u00a0 \u00a0 \u00a0 \u00a0 \u00a0 \u00a0 \u00a0 \u00a0 \u00a0 \u00a0 \u00a0 \u00a0 \u00a0 \u00a0 \u00a0 \u00a0 \u00a0 \u00a0 \u00a0 \u00a0 \u00a0 \u00a0 \u00a0 \u00a0 \u00a0 \u00a0 \u00a0 \u00a0 \u00a0 \u00a0 \u00a0 \u00a0 \u00a0 \u00a0 \u00a0 \u00a0 \u00a0 \u00a0 \u00a0 \u00a0 \u00a0 \u00a0 \u00a0mit einem Farbausleser sortiert. \r\n<br >\u00a0 \u00a0 \u00a0 \u00a0 \u00a0 \u00a0 \u00a0Bei diesem\u00a0optischem Sortiersystem\u00a0\u00a0werden zu 99,5% alle \u201eReste\u201c aussortiert, die in den\u00a0 \u00a0 \u00a0 \u00a0 \u00a0 \u00a0 \u00a0 \u00a0 \u00a0 \u00a0 \u00a0 \u00a0 \u00a0 \u00a0 \u00a0 \u00a0 \u00a0 \u00a0 vorangegangen Arbeitsschritten noch nicht entfernt werden konnten.\r\n<br >\u00a0 \u00a0 \u00a0 \u00a0 \u00a0 \u00a0 \u00a0 \u00a0 \u00a0 \u00a0 \u00a0 \u00a0 \u00a0 \u00a0 \u00a0 \u00a0 \u00a0 \u00a0Somit k\u00f6nnen wir Ihnen eine sehr gute aufbereitete saubere \r\n<br >\u00a0 \u00a0 \u00a0 \u00a0 \u00a0 \u00a0 \u00a0 \u00a0 \u00a0 \u00a0 \u00a0 \u00a0 \u00a0 \u00a0 \u00a0 \u00a0 \u00a0 \u00a0 \u00a0 \u00a0 \u00a0 \u00a0 \u00a0 \u00a0 \u00a0 \u00a0 \u00a0 \u00a0Ware zur Weiterverarbeitung anbieten.\r\n<br ><br >Hinweis: \r\n<br >Im Getreide k\u00f6nnen durch die erfolgten Arbeitsschritte, Spuren von anderen Getreidesorten enthalten sein.<br ><span  style=\"text-decoration: underline;\"><\/span><br ><span  style=\"text-decoration: underline; font-family: \"arial black\", sans-serif;\">Haltbarkeit und Lagerung<\/span><br >Vollkornmehle:\u00a0 \u00a0 \u00a0 Werden zeitnah vor dem Versand frisch gemahlen, der MHD -Stempel betr\u00e4gt\u00a0 \u00a0 \u00a0 \u00a0 \u00a0 \u00a0 \u00a0 \u00a0 \u00a0 \u00a0 \u00a0 \u00a0 \u00a0 \u00a0 \u00a0 \u00a0 \u00a0 \u00a0 \u00a0 \u00a0 \u00a0laut unserer Auszeichnung ca. 3 Monate.\r\n<br >\u00a0 \u00a0 \u00a0 \u00a0 \u00a0 \u00a0 \u00a0 \u00a0 \u00a0 \u00a0 \u00a0 \u00a0 \u00a0 \u00a0 \u00a0 \u00a0 \u00a0 \u00a0Vollkornmehle haben von Natur aus eine geringere Haltbarkeit als\u00a0 \u00a0 \u00a0 \u00a0 \u00a0 \u00a0 \u00a0 \u00a0 \u00a0 \u00a0 \u00a0 \u00a0 \u00a0 \u00a0 \u00a0 \u00a0 \u00a0 \u00a0 \u00a0 \u00a0 \u00a0 \u00a0 \u00a0 \u00a0 \u00a0 \u00a0 \u00a0 \u00a0 \u00a0 \u00a0 \u00a0Auszugsmehle. Im enthaltenen\u00a0 Keimling im Vollkornmehl stecken viele\u00a0 \u00a0 \u00a0 \u00a0 \u00a0 \u00a0 \u00a0 \u00a0 \u00a0 \u00a0 \u00a0 \u00a0 \u00a0 \u00a0 \u00a0 \u00a0 \u00a0 \u00a0 \u00a0 \u00a0 \u00a0 \u00a0 \u00a0 \u00a0 \u00a0Vitamine und Enzyme, sondern auch hochwertige pflanzliche Fetts\u00e4uren.\r\n<br >\u00a0 \u00a0 \u00a0 \u00a0 \u00a0 \u00a0 \u00a0 \u00a0 \u00a0 \u00a0 \u00a0 \u00a0 \u00a0 \u00a0 \u00a0 \u00a0 \u00a0 \u00a0Diese haben die Eigenschaft, dass nach dem Mahlvorgang eine Oxidation\u00a0 \u00a0 \u00a0 \u00a0 \u00a0 \u00a0 \u00a0 \u00a0 \u00a0 \u00a0 \u00a0 \u00a0 \u00a0 \u00a0 \u00a0 \u00a0 \u00a0 \u00a0 \u00a0 \u00a0 \u00a0 \u00a0 \u00a0 \u00a0beginnt und somit eine geringere Haltbarkeit als Auszugsmehl aufweist.<br >Getreide\u00a0 K\u00f6rner:\u00a0 \u00a0Ganze Getreidek\u00f6rner sind ohne Probleme 1-2 Jahre lagerf\u00e4hig, unser MHD \u2013\u00a0 \u00a0 \u00a0 \u00a0 \u00a0 \u00a0 \u00a0 \u00a0 \u00a0 \u00a0 \u00a0 \u00a0 \u00a0 \u00a0 \u00a0 \u00a0 \u00a0 \u00a0 \u00a0 \u00a0 \u00a0 \u00a0Stempel betr\u00e4gt laut unserer Auszeichnung ca. 12 Monate.\r\n<br ><br >Lagerung:\u00a0 \u00a0 \u00a0 \u00a0 \u00a0 \u00a0 \u00a0 \u00a0 \u00a0K\u00fchl, ohne allzu gro\u00dfe Temperaturschwankungen\u00a0 \u00a0 \u00a0 \u00a0 \u00a0 \u00a0 \u00a0 \u00a0 \u00a0 \u00a0 \u00a0 \u00a0 \u00a0 \u00a0 \u00a0 \u00a0 \u00a0 \u00a0 \u00a0 \u00a0 \u00a0 \u00a0 \u00a0 \u00a0 \u00a0 \u00a0 \u00a0 \u00a0 \u00a0 \u00a0 \u00a0 \u00a0 \u00a0 \u00a0 \u00a0 \u00a0 \u00a0 \u00a0 \u00a0 \u00a0 \u00a0 \u00a0 \u00a0 \u00a0 \u00a0 \u00a0(z.B. nicht in der n\u00e4he vom Ofen), trocken , dunkel und \r\n<br >\u00a0 \u00a0 \u00a0 \u00a0 \u00a0 \u00a0 \u00a0 \u00a0 \u00a0 \u00a0 \u00a0 \u00a0 \u00a0 \u00a0 \u00a0 \u00a0 \u00a0 \u00a0geeignetes Beh\u00e4ltnis gegen Sch\u00e4dlinge.<\/p><\/div>\r\n<\/div>\r\n<div  class=\"row\">\r\n<div  data-content-shortcode=\"mesmerize_display_woocommerce_items template_slug=\"pro\/template-parts\/woo-shadowed\" custom=\"false\" products_number=\"4\" categories=\"57\" tags=\"\" order_by=\"null\" order=\"DESC\" products=\"1716,1715,1710,1706,1701,1674,382,378,375,369\" \" data-editable=\"true\" data-type=\"row\" data-dynamic-columns=\"handled\"><div class=\"woocommerce in-section\">\n        <ul class=\"products columns-3\">\n\n        \n            \n<li class=\"col-xs-12 post-1674 product type-product status-publish has-post-thumbnail product_cat-urgetreide-ganzes-korn col-md-3 col-sm-6 in-page-section first instock taxable shipping-taxable purchasable product-type-simple\" >\n    <a href=\"https:\/\/www.bio-getreide-bayern.de\/shop\/produkt\/ganzes-korn-set-je-1kg-dinkel-emmer-einkorn\/\" class=\"woocommerce-LoopProduct-link woocommerce-loop-product__link\">        <div data-hover-fx=\"woocommerce-shadowed-1\" class=\"contentswap-effect visible woocommerce-shadowed-1\">\n        <div class=\"initial-image\">\n            <img decoding=\"async\" data-size=\"500x500\" src=\"https:\/\/www.bio-getreide-bayern.de\/shop\/wp-content\/uploads\/2021\/06\/Ganzes-Korn-Set-1-600x600.jpg\">\n        <\/div>\n        <div class=\"overlay\"><\/div>\n        <div class=\"swap-inner col-xs-12\">\n            <div class=\"row  full-height-row bottom-xs\">\n                <div class=\"col-xs-12 text-center content-holder\">\n                    <h4 class=\"color-white font-500\">Ganzes Korn-Set  je 1kg Dinkel-Emmer-Einkorn<\/h4>\n                    <p class=\"small color-white\" style=\"font-style:italic\">\n                                                    <span class=\"price\"><span class=\"woocommerce-Price-amount amount\"><bdi>12,50&nbsp;<span class=\"woocommerce-Price-currencySymbol\">&euro;<\/span><\/bdi><\/span><\/span>\n                                            <\/p>\n                <\/div>\n            <\/div>\n        <\/div>\n    <\/div>\n    <\/a><\/li>\n\n        \n            \n<li class=\"col-xs-12 post-360 product type-product status-publish has-post-thumbnail product_cat-urgetreide-ganzes-korn product_tag-bio product_tag-einkorn product_tag-ganzes-korn product_tag-getreide product_tag-urgetreide col-md-3 col-sm-6 in-page-section  instock taxable shipping-taxable purchasable product-type-variable has-default-attributes\" >\n    <a href=\"https:\/\/www.bio-getreide-bayern.de\/shop\/produkt\/urdinkel-oberkulmer-rotkorn-ganzes-korn\/\" class=\"woocommerce-LoopProduct-link woocommerce-loop-product__link\">        <div data-hover-fx=\"woocommerce-shadowed-1\" class=\"contentswap-effect visible woocommerce-shadowed-1\">\n        <div class=\"initial-image\">\n            <img decoding=\"async\" data-size=\"500x500\" src=\"https:\/\/www.bio-getreide-bayern.de\/shop\/wp-content\/uploads\/2021\/01\/Dinkel-Ganzes-Korn-Titelbild-Biohof-Rietzler-600x600.jpg\">\n        <\/div>\n        <div class=\"overlay\"><\/div>\n        <div class=\"swap-inner col-xs-12\">\n            <div class=\"row  full-height-row bottom-xs\">\n                <div class=\"col-xs-12 text-center content-holder\">\n                    <h4 class=\"color-white font-500\">Urdinkel (Oberkulmer Rotkorn) Ganzes Korn<\/h4>\n                    <p class=\"small color-white\" style=\"font-style:italic\">\n                                            <\/p>\n                <\/div>\n            <\/div>\n        <\/div>\n    <\/div>\n    <\/a><\/li>\n\n        \n            \n<li class=\"col-xs-12 post-357 product type-product status-publish has-post-thumbnail product_cat-urgetreide-ganzes-korn product_tag-bio product_tag-einkorn product_tag-ganzes-korn product_tag-getreide product_tag-urgetreide col-md-3 col-sm-6 in-page-section last instock taxable shipping-taxable purchasable product-type-variable has-default-attributes\" >\n    <a href=\"https:\/\/www.bio-getreide-bayern.de\/shop\/produkt\/emmer-urgetreide-ganzes-korn\/\" class=\"woocommerce-LoopProduct-link woocommerce-loop-product__link\">        <div data-hover-fx=\"woocommerce-shadowed-1\" class=\"contentswap-effect visible woocommerce-shadowed-1\">\n        <div class=\"initial-image\">\n            <img decoding=\"async\" data-size=\"500x500\" src=\"https:\/\/www.bio-getreide-bayern.de\/shop\/wp-content\/uploads\/2021\/01\/Emmer-Ganzes-Korn-Titelbild-Biohof-Rietzler-600x600.jpg\">\n        <\/div>\n        <div class=\"overlay\"><\/div>\n        <div class=\"swap-inner col-xs-12\">\n            <div class=\"row  full-height-row bottom-xs\">\n                <div class=\"col-xs-12 text-center content-holder\">\n                    <h4 class=\"color-white font-500\">Emmer (Urgetreide) &#8211; Ganzes Korn<\/h4>\n                    <p class=\"small color-white\" style=\"font-style:italic\">\n                                            <\/p>\n                <\/div>\n            <\/div>\n        <\/div>\n    <\/div>\n    <\/a><\/li>\n\n        \n            \n<li class=\"col-xs-12 post-348 product type-product status-publish has-post-thumbnail product_cat-urgetreide-ganzes-korn product_tag-bio product_tag-einkorn product_tag-ganzes-korn product_tag-getreide product_tag-urgetreide col-md-3 col-sm-6 in-page-section first instock taxable shipping-taxable purchasable product-type-variable has-default-attributes\" >\n    <a href=\"https:\/\/www.bio-getreide-bayern.de\/shop\/produkt\/einkorn-urgetreide-ganzes-korn\/\" class=\"woocommerce-LoopProduct-link woocommerce-loop-product__link\">        <div data-hover-fx=\"woocommerce-shadowed-1\" class=\"contentswap-effect visible woocommerce-shadowed-1\">\n        <div class=\"initial-image\">\n            <img decoding=\"async\" data-size=\"500x500\" src=\"https:\/\/www.bio-getreide-bayern.de\/shop\/wp-content\/uploads\/2021\/01\/Einkorn-Ganzes-Korn-Titelbild-Biohof-Rietzler-600x600.jpg\">\n        <\/div>\n        <div class=\"overlay\"><\/div>\n        <div class=\"swap-inner col-xs-12\">\n            <div class=\"row  full-height-row bottom-xs\">\n                <div class=\"col-xs-12 text-center content-holder\">\n                    <h4 class=\"color-white font-500\">Einkorn (Urgetreide) &#8211; Ganzes Korn<\/h4>\n                    <p class=\"small color-white\" style=\"font-style:italic\">\n                                            <\/p>\n                <\/div>\n            <\/div>\n        <\/div>\n    <\/div>\n    <\/a><\/li>\n\n        \n        <\/ul>\n\n        \n        <\/div><\/div>\r\n<\/div>\r\n<div  class=\"row\">\r\n<div  class=\"text-center\"><a  class=\"button color2\" href=\"https:\/\/www.bio-getreide-bayern.de\/shop\/shop\/\" data-attr-shortcode=\"href:mesmerize_woocommerce_shop_url\" data-icon=\"fa-shopping-cart\">Hier geht es zum Onlineshop<\/a><\/div>\r\n<\/div>\r\n<\/div>\r\n<\/div><div  id=\"bio-katroffeln\" class=\"woocommerce-section woocommerce-section-shadowed-image content-section content-section-spacing\" style=\"background-color: rgb(245, 250, 253); background-image: none;\" data-label=\"Bio Katroffeln\" data-id=\"woocommerce--3\" data-export-id=\"woocommerce-section-shadowed-image\" data-category=\"woocommerce\" data-section-ov=\"1\">\r\n<div  class=\"gridContainer\">\r\n<div  class=\"row\">\r\n<div  class=\"section-title-col\" data-type=\"column\">\r\n\r\n<p  class=\"lead\"><span  style=\"text-decoration: underline; font-family: \"arial black\", sans-serif;\">Wir packen Ihrer Bestellung seit jeher mehr Kartoffeln rein als angegeben.<\/span><br ><span  style=\"font-family: \"times new roman\", times, serif; font-style: italic;\">Pro Sack und Gr\u00f6\u00dfe bis zu 1kg.\r\n<\/span><span  style=\"font-style: italic;\"><u >Kartoffeln ab 1,15\u20ac\/kg\r\n<\/u><span  style=\"font-family: \"arial black\", sans-serif;\">\r\n<br ><br >Achtung!<\/span><\/span><span  id=\"_mce_caret\" data-mce-bogus=\"1\" data-mce-type=\"format-caret\"><span  style=\"text-decoration: underline; font-style: italic; font-family: \"times new roman\", times, serif;\"><br ><span  style=\"font-family: \"arial black\", sans-serif;\">Falls dritte Personen den Anschein geben, Ware von uns zu verkaufen ist Vorsicht geboten! \r\n<\/span><br ><span  style=\"font-family: \"arial black\", sans-serif;\">Lassen Sie sich das aktuelle Bio-Zertifikat geben und notieren Sie sich bitte die Personalien mit KFZ Kennzeichen!\r\n<\/span><\/span><span  style=\"font-style: italic; font-family: \"times new roman\", times, serif;\"><span  style=\"font-family: \"arial black\", sans-serif;\">Sie k\u00f6nnen sich diesbez\u00fcglich zur Ihrer eigenen Absicherung gerne bei uns melden.<\/span><\/span><\/span><\/p><p  class=\"lead\">Regionale Bio Kartoffeln mitten aus dem bayerischen Schwaben, umgeben von sch\u00f6nen H\u00fcgeln und T\u00e4lern, bauen wir auf unserem Land beste Kartoffeln ohne erlaubten Kupfereinsatz an. Die D\u00fcngung erfolgt ausschlie\u00dflich durch Zwischenfr\u00fcchte und ohne tierischen D\u00fcnger.<\/p>\r\n<\/div>\r\n<\/div>\r\n<div  class=\"row\">\r\n<div  data-content-shortcode=\"mesmerize_display_woocommerce_items template_slug=\"pro\/template-parts\/woo-shadowed\" custom=\"false\" products_number=\"3\" categories=\"15\" tags=\"\" order_by=\"null\" order=\"DESC\" products=\"382,378,375,369,366,363,360,357,348,345\" \" data-editable=\"true\" data-type=\"row\" data-dynamic-columns=\"handled\"><div class=\"woocommerce in-section\">\n        <ul class=\"products columns-3\">\n\n        \n            \n<li class=\"col-xs-12 post-2483 product type-product status-publish has-post-thumbnail product_cat-bio-kartoffeln product_tag-aromatisch product_tag-backkartoffeln product_tag-besten product_tag-gelb product_tag-gelblich product_tag-glatt product_tag-gratin product_tag-lecker product_tag-mehlig product_tag-mild product_tag-ofenkartoffeln product_tag-puereekartoffeln product_tag-salzkartoffeln col-md-3 col-sm-6 in-page-section first outofstock product-type-simple\" >\n    <a href=\"https:\/\/www.bio-getreide-bayern.de\/shop\/produkt\/nur-115e-kg-bio-kartoffeln-3er-set-glorietta-festk-laura-vfk-goldmarie-festk-je-25-kg-kleinfallende-sortierung\/\" class=\"woocommerce-LoopProduct-link woocommerce-loop-product__link\">        <div data-hover-fx=\"woocommerce-shadowed-1\" class=\"contentswap-effect visible woocommerce-shadowed-1\">\n        <div class=\"initial-image\">\n            <img decoding=\"async\" data-size=\"500x500\" src=\"https:\/\/www.bio-getreide-bayern.de\/shop\/wp-content\/uploads\/2022\/11\/P1010779-600x600.jpg\">\n        <\/div>\n        <div class=\"overlay\"><\/div>\n        <div class=\"swap-inner col-xs-12\">\n            <div class=\"row  full-height-row bottom-xs\">\n                <div class=\"col-xs-12 text-center content-holder\">\n                    <h4 class=\"color-white font-500\">Nur 1,50\u20ac\/kg Bio-Kartoffeln &#8211; 3er Set -Glorietta festk. ; Laura vfk. ; Goldmarie festk.  je 2,5 oder was gerade mehr auf Lager ist oder was gerade mehr auf Lager ist. kg kleinfallende Sortierung<\/h4>\n                    <p class=\"small color-white\" style=\"font-style:italic\">\n                                            <\/p>\n                <\/div>\n            <\/div>\n        <\/div>\n    <\/div>\n    <\/a><\/li>\n\n        \n            \n<li class=\"col-xs-12 post-2458 product type-product status-publish has-post-thumbnail product_cat-bio-kartoffeln product_tag-aromatisch product_tag-gelb product_tag-gelblich product_tag-lecker product_tag-vegan-erzeugt col-md-3 col-sm-6 in-page-section  outofstock taxable shipping-taxable purchasable product-type-variable\" >\n    <a href=\"https:\/\/www.bio-getreide-bayern.de\/shop\/produkt\/bio-kartoffeln-glorietta-festk-kopie\/\" class=\"woocommerce-LoopProduct-link woocommerce-loop-product__link\">        <div data-hover-fx=\"woocommerce-shadowed-1\" class=\"contentswap-effect visible woocommerce-shadowed-1\">\n        <div class=\"initial-image\">\n            <img decoding=\"async\" data-size=\"500x500\" src=\"https:\/\/www.bio-getreide-bayern.de\/shop\/wp-content\/uploads\/2022\/11\/P1010779-600x600.jpg\">\n        <\/div>\n        <div class=\"overlay\"><\/div>\n        <div class=\"swap-inner col-xs-12\">\n            <div class=\"row  full-height-row bottom-xs\">\n                <div class=\"col-xs-12 text-center content-holder\">\n                    <h4 class=\"color-white font-500\">Bio-Kartoffeln &#8211; Glorietta festk.  aromatischer Geschmack &#8211; lange Salatform<\/h4>\n                    <p class=\"small color-white\" style=\"font-style:italic\">\n                                            <\/p>\n                <\/div>\n            <\/div>\n        <\/div>\n    <\/div>\n    <\/a><\/li>\n\n        \n            \n<li class=\"col-xs-12 post-366 product type-product status-publish has-post-thumbnail product_cat-bio-kartoffeln product_tag-aromatisch product_tag-fein product_tag-gelb product_tag-gelblich product_tag-glatt product_tag-lecker product_tag-mehlig product_tag-mild col-md-3 col-sm-6 in-page-section last outofstock taxable shipping-taxable purchasable product-type-variable has-default-attributes\" >\n    <a href=\"https:\/\/www.bio-getreide-bayern.de\/shop\/produkt\/bio-kartoffeln-theresa-leicht-mehlig\/\" class=\"woocommerce-LoopProduct-link woocommerce-loop-product__link\">        <div data-hover-fx=\"woocommerce-shadowed-1\" class=\"contentswap-effect visible woocommerce-shadowed-1\">\n        <div class=\"initial-image\">\n            <img decoding=\"async\" data-size=\"500x500\" src=\"https:\/\/www.bio-getreide-bayern.de\/shop\/wp-content\/uploads\/2021\/05\/THERESA-BIO-1-600x600.jpg\">\n        <\/div>\n        <div class=\"overlay\"><\/div>\n        <div class=\"swap-inner col-xs-12\">\n            <div class=\"row  full-height-row bottom-xs\">\n                <div class=\"col-xs-12 text-center content-holder\">\n                    <h4 class=\"color-white font-500\">Bio-Kartoffeln &#8211; Theresa vorw. festkochend leicht mehlig<\/h4>\n                    <p class=\"small color-white\" style=\"font-style:italic\">\n                                            <\/p>\n                <\/div>\n            <\/div>\n        <\/div>\n    <\/div>\n    <\/a><\/li>\n\n        \n        <\/ul>\n\n        \n        <\/div><\/div>\r\n<\/div>\r\n<div  class=\"row\">\r\n<div  class=\"text-center\"><a  class=\"button color2\" href=\"https:\/\/www.bio-getreide-bayern.de\/shop\/shop\/\" data-attr-shortcode=\"href:mesmerize_woocommerce_shop_url\" data-icon=\"fa-shopping-cart\">Hier geht es zum Onlineshop<\/a><\/div>\r\n<\/div>\r\n<\/div>\r\n<\/div><div  data-label=\"Portfolio\" data-id=\"portfolio--1\" data-export-id=\"portfolio-1\" data-category=\"portfolio\" class=\"portfolio-1 content-section content-section-spacing\" id=\"portfolio-1\" style=\"background-color: rgb(255, 255, 255); background-image: none;\"><div  class=\"gridContainer\"><div  data-section-title-area=\"true\" class=\"row text-center\">   <div  class=\"section-title-col\" data-type=\"column\">       <h2  class=\"\">Bildergalerie<\/h2>          <\/div><\/div>  <div  data-type=\"row\" class=\"row spaced-cols\" data-fixed=\"true\"> <div  class=\"col-xs-12 col-sm-4\"> <div  class=\"contentswap-effect visible\" data-hover-fx=\"portfolio-1\"> <div  class=\"initial-image\"> <img  decoding=\"async\" data-size=\"500x333\" src=\"https:\/\/www.bio-getreide-bayern.de\/shop\/wp-content\/uploads\/2021\/06\/Biohof-Rietzler-Bildergalerie_0010_CIMG2523.jpg\"><\/div> <div  class=\"overlay\"><\/div> <div  class=\"swap-inner col-xs-12\"> <div  class=\"row full-height-row bottom-xs\"> <div  class=\"col-xs-12 color1 text-center content-holder\"> <h4  class=\"inverted font-500\">Getreidedrusch durch unseren Kollegen Rudi<\/h4> <a href=\"#\" class=\"inverted italic p small\" target=\"lightbox\" data-cp-link=\"1\" rel=\"noopener\"><\/a><\/div> <\/div><\/div> <\/div><\/div> <div  class=\"col-xs-12 col-sm-4\"><div  class=\"contentswap-effect visible\" data-hover-fx=\"portfolio-1\"> <div  class=\"initial-image\"> <img  decoding=\"async\" data-size=\"500x333\" src=\"https:\/\/www.bio-getreide-bayern.de\/shop\/wp-content\/uploads\/2021\/01\/CIMG3629-scaled.jpg\"><\/div> <div  class=\"overlay\"><\/div> <div  class=\"swap-inner col-xs-12\"> <div  class=\"row full-height-row bottom-xs\"> <div  class=\"col-xs-12 color1 text-center content-holder\"> <h4  class=\"inverted font-500\">Kartoffelacker mit Bl\u00fchstreifen<\/h4> <a href=\"#\" class=\"inverted italic p small\" target=\"_self\" data-cp-link=\"1\" rel=\"noopener\"><\/a><\/div> <\/div><\/div> <\/div><\/div> <div  class=\"col-xs-12 col-sm-4\"><div  class=\"contentswap-effect visible\" data-hover-fx=\"portfolio-1\"> <div  class=\"initial-image\"> <img  decoding=\"async\" data-size=\"500x333\" src=\"https:\/\/www.bio-getreide-bayern.de\/shop\/wp-content\/uploads\/2021\/06\/Biohof-Rietzler-Bildergalerie_0008_P1000667.jpg\"><\/div> <div  class=\"overlay\"><\/div> <div  class=\"swap-inner col-xs-12\"> <div  class=\"row full-height-row bottom-xs\"> <div  class=\"col-xs-12 color1 text-center content-holder\"> <h4  class=\"inverted font-500\">\u2026immer flei\u00dfig, auf zur n\u00e4chsten Bl\u00fcte.<\/h4> <a href=\"#\" class=\"inverted italic p small\" target=\"_self\" data-cp-link=\"1\" rel=\"noopener\"><\/a><\/div> <\/div><\/div> <\/div><\/div> <div  class=\"col-xs-12 col-sm-4\"><div  class=\"contentswap-effect visible\" data-hover-fx=\"portfolio-1\"> <div  class=\"initial-image\"> <img  decoding=\"async\" data-size=\"500x333\" src=\"https:\/\/www.bio-getreide-bayern.de\/shop\/wp-content\/uploads\/2021\/06\/Biohof-Rietzler-Bildergalerie_0000_P1000928.jpg\"><\/div> <div  class=\"overlay\"><\/div> <div  class=\"swap-inner col-xs-12\"> <div  class=\"row full-height-row bottom-xs\"> <div  class=\"col-xs-12 color1 text-center content-holder\"> <h4  class=\"inverted font-500\">Biofl\u00e4chen ein echter Lebensraum.<\/h4> <a href=\"#\" class=\"inverted italic p small\" target=\"_self\" data-cp-link=\"1\" rel=\"noopener\"><\/a><\/div> <\/div><\/div> <\/div><\/div> <div  class=\"col-xs-12 col-sm-4\"><div  class=\"contentswap-effect visible\" data-hover-fx=\"portfolio-1\"> <div  class=\"initial-image\"> <img  decoding=\"async\" data-size=\"500x333\" src=\"https:\/\/www.bio-getreide-bayern.de\/shop\/wp-content\/uploads\/2022\/02\/P1010550-scaled.jpg\"><\/div> <div  class=\"overlay\"><\/div> <div  class=\"swap-inner col-xs-12\"> <div  class=\"row full-height-row bottom-xs\"> <div  class=\"col-xs-12 color1 text-center content-holder\"> <h4  class=\"inverted font-500\">Kartoffelernte<\/h4> <a href=\"#\" class=\"inverted italic p small\" target=\"_self\" data-cp-link=\"1\" rel=\"noopener\"><\/a><\/div> <\/div><\/div> <\/div><\/div> <div  class=\"col-xs-12 col-sm-4\"><div  class=\"contentswap-effect visible\" data-hover-fx=\"portfolio-1\"> <div  class=\"initial-image\"> <img  decoding=\"async\" data-size=\"500x333\" src=\"https:\/\/www.bio-getreide-bayern.de\/shop\/wp-content\/uploads\/2021\/06\/Biohof-Rietzler-Bildergalerie_0005_P1000785.jpg\"><\/div> <div  class=\"overlay\"><\/div> <div  class=\"swap-inner col-xs-12\"> <div  class=\"row full-height-row bottom-xs\"> <div  class=\"col-xs-12 color1 text-center content-holder\"> <h4  class=\"inverted font-500\">\u2026eine kurze Pause<\/h4> <a href=\"#\" class=\"inverted italic p small\" target=\"_self\" data-cp-link=\"1\" rel=\"noopener\"><\/a><\/div> <\/div><\/div> <\/div><\/div> <\/div><\/div> <\/div><div  id=\"about-1\" class=\"about-4 content-section content-section-spacing\" style=\"background-color: rgb(245, 250, 253); background-image: none;\" data-label=\"About\" data-id=\"about--1\" data-export-id=\"about-4\" data-category=\"about\" data-section-ov=\"1\">\r\n<div  class=\"gridContainer\">\r\n<div  class=\"row middle-sm text-center\">\r\n<div  class=\"col-sm-5 space-bottom-xs\" data-type=\"column\">\r\n<h4  class=\"\">Biohof Rietzler<\/h4>\r\n<h2  class=\"\">Biologischer<\/h2>\r\n<p  class=\"\">eigener Anbau aus \u00dcberzeugung<\/p>\r\n<p  class=\"\">Wir sind vom Bioland f\u00fcr unseren \u00f6kologischen Anbau zertifiziert.<br >DE-\u00d6KO-006<br ><br >\r\n<\/p>\r\n<p  class=\"\">Eigener Anbau aus Bayern\r\n<br ><br ><br >Hinweis : Alle Produkte m\u00fcssen vor dem Verzehr durchgebacken sein.<\/p>\r\n<\/div>\r\n<div  class=\"col-sm-7 flexbox center-xs middle-xs image-group-2-img\"><img  decoding=\"async\" class=\"img-1 shadow-large\" title=\"Bio-Logo\" src=\"https:\/\/www.bio-getreide-bayern.de\/shop\/wp-content\/uploads\/2021\/01\/Bio-Logo.jpg\" alt=\"\" data-size=\"250x200\"> <img  decoding=\"async\" class=\"img-2 shadow-large\" title=\"bioland\" src=\"https:\/\/www.bio-getreide-bayern.de\/shop\/wp-content\/uploads\/2021\/01\/bioland.jpg\" alt=\"\" data-size=\"220x170\"><\/div>\r\n<\/div>\r\n<\/div>\r\n<\/div><p >\u00a0<\/p>","protected":false},"excerpt":{"rendered":"<p>Bei uns finden Sie Bio Urgetreide und frische Vollkornmehle.Kartoffel ohne erlaubten Kupfereinsatz runden unser Angebot ab. Bitte Vorsicht!Falls dritte Personen wie \u201efahrende H\u00e4ndler\u201c den Anschein machen, Kartoffeln vom Biohof Rietzler zu verkaufen ist Vorsicht geboten.Dabei handelt es sich um keine Ware von uns! Lassen Sie sich das aktuelle Bio-Zertifikat geben und die Personalien mit KFZ&hellip; <br \/> <a class=\"read-more\" href=\"https:\/\/www.bio-getreide-bayern.de\/shop\/produkt\/bio-kartoffeln-theresa-leicht-mehlig\/\">Weiterlesen<\/a><\/p>\n","protected":false},"author":1,"featured_media":1474,"parent":0,"menu_order":0,"comment_status":"closed","ping_status":"closed","template":"page-templates\/homepage.php","meta":{"footnotes":""},"class_list":["post-405","page","type-page","status-publish","has-post-thumbnail","hentry"],"yoast_head":"<!-- This site is optimized with the Yoast SEO plugin v23.8 - https:\/\/yoast.com\/wordpress\/plugins\/seo\/ -->\n<title>Biohof Rietzler - Anbau von Bio Kartoffeln und Urgetreide<\/title>\n<meta name=\"description\" content=\"Im Biohof Rietzler finden Sie regionale und unbehandelte Bio Kartoffeln und Urgetreide. Nachhaltiger Anbau ohne tierischen D\u00fcnger\" \/>\n<meta name=\"robots\" content=\"index, follow, max-snippet:-1, max-image-preview:large, max-video-preview:-1\" \/>\n<link rel=\"canonical\" href=\"https:\/\/www.bio-getreide-bayern.de\/shop\/\" \/>\n<meta property=\"og:locale\" content=\"de_DE\" \/>\n<meta property=\"og:type\" content=\"article\" \/>\n<meta property=\"og:title\" content=\"Biohof Rietzler - Anbau von Bio Kartoffeln und Urgetreide\" \/>\n<meta property=\"og:description\" content=\"Im Biohof Rietzler finden Sie regionale und unbehandelte Bio Kartoffeln und Urgetreide. Nachhaltiger Anbau ohne tierischen D\u00fcnger\" \/>\n<meta property=\"og:url\" content=\"https:\/\/www.bio-getreide-bayern.de\/shop\/\" \/>\n<meta property=\"og:site_name\" content=\"Biohof Rietzler\" \/>\n<meta property=\"article:publisher\" content=\"https:\/\/www-bio-getreide-bayern.de\" \/>\n<meta property=\"article:modified_time\" content=\"2025-05-07T10:30:51+00:00\" \/>\n<meta property=\"og:image\" content=\"https:\/\/www.bio-getreide-bayern.de\/shop\/wp-content\/uploads\/2021\/05\/Hero-Bild-scaled.jpeg\" \/>\n\t<meta property=\"og:image:width\" content=\"2560\" \/>\n\t<meta property=\"og:image:height\" content=\"1327\" \/>\n\t<meta property=\"og:image:type\" content=\"image\/jpeg\" \/>\n<meta name=\"twitter:card\" content=\"summary_large_image\" \/>\n<meta name=\"twitter:label1\" content=\"Gesch\u00e4tzte Lesezeit\" \/>\n\t<meta name=\"twitter:data1\" content=\"8\u00a0Minuten\" \/>\n<script type=\"application\/ld+json\" class=\"yoast-schema-graph\">{\"@context\":\"https:\/\/schema.org\",\"@graph\":[{\"@type\":\"WebPage\",\"@id\":\"https:\/\/www.bio-getreide-bayern.de\/shop\/\",\"url\":\"https:\/\/www.bio-getreide-bayern.de\/shop\/\",\"name\":\"Biohof Rietzler - Anbau von Bio Kartoffeln und Urgetreide\",\"isPartOf\":{\"@id\":\"https:\/\/www.bio-getreide-bayern.de\/shop\/#website\"},\"primaryImageOfPage\":{\"@id\":\"https:\/\/www.bio-getreide-bayern.de\/shop\/#primaryimage\"},\"image\":{\"@id\":\"https:\/\/www.bio-getreide-bayern.de\/shop\/#primaryimage\"},\"thumbnailUrl\":\"https:\/\/www.bio-getreide-bayern.de\/shop\/wp-content\/uploads\/2021\/05\/Hero-Bild-scaled.jpeg\",\"datePublished\":\"2018-08-13T13:20:57+00:00\",\"dateModified\":\"2025-05-07T10:30:51+00:00\",\"description\":\"Im Biohof Rietzler finden Sie regionale und unbehandelte Bio Kartoffeln und Urgetreide. Nachhaltiger Anbau ohne tierischen D\u00fcnger\",\"breadcrumb\":{\"@id\":\"https:\/\/www.bio-getreide-bayern.de\/shop\/#breadcrumb\"},\"inLanguage\":\"de\",\"potentialAction\":[{\"@type\":\"ReadAction\",\"target\":[\"https:\/\/www.bio-getreide-bayern.de\/shop\/\"]}]},{\"@type\":\"ImageObject\",\"inLanguage\":\"de\",\"@id\":\"https:\/\/www.bio-getreide-bayern.de\/shop\/#primaryimage\",\"url\":\"https:\/\/www.bio-getreide-bayern.de\/shop\/wp-content\/uploads\/2021\/05\/Hero-Bild-scaled.jpeg\",\"contentUrl\":\"https:\/\/www.bio-getreide-bayern.de\/shop\/wp-content\/uploads\/2021\/05\/Hero-Bild-scaled.jpeg\",\"width\":2560,\"height\":1327,\"caption\":\"Hero Bild Wiese Getreide\"},{\"@type\":\"BreadcrumbList\",\"@id\":\"https:\/\/www.bio-getreide-bayern.de\/shop\/#breadcrumb\",\"itemListElement\":[{\"@type\":\"ListItem\",\"position\":1,\"name\":\"Startseite\",\"item\":\"https:\/\/www.bio-getreide-bayern.de\/shop\/\"},{\"@type\":\"ListItem\",\"position\":2,\"name\":\"Startseite\"}]},{\"@type\":\"WebSite\",\"@id\":\"https:\/\/www.bio-getreide-bayern.de\/shop\/#website\",\"url\":\"https:\/\/www.bio-getreide-bayern.de\/shop\/\",\"name\":\"www.bio-getreide-bayern.de\",\"description\":\"GETREIDE &amp; KARTOFFELN AUS BAYERN\",\"publisher\":{\"@id\":\"https:\/\/www.bio-getreide-bayern.de\/shop\/#organization\"},\"potentialAction\":[{\"@type\":\"SearchAction\",\"target\":{\"@type\":\"EntryPoint\",\"urlTemplate\":\"https:\/\/www.bio-getreide-bayern.de\/shop\/?s={search_term_string}\"},\"query-input\":{\"@type\":\"PropertyValueSpecification\",\"valueRequired\":true,\"valueName\":\"search_term_string\"}}],\"inLanguage\":\"de\"},{\"@type\":\"Organization\",\"@id\":\"https:\/\/www.bio-getreide-bayern.de\/shop\/#organization\",\"name\":\"Biohof Rietzler\",\"url\":\"https:\/\/www.bio-getreide-bayern.de\/shop\/\",\"logo\":{\"@type\":\"ImageObject\",\"inLanguage\":\"de\",\"@id\":\"https:\/\/www.bio-getreide-bayern.de\/shop\/#\/schema\/logo\/image\/\",\"url\":\"https:\/\/www.bio-getreide-bayern.de\/shop\/wp-content\/uploads\/2020\/12\/Biohof-Rietzler-Getreide-und-Kartoffeln-Wappen-Favicon-150x150-1.png\",\"contentUrl\":\"https:\/\/www.bio-getreide-bayern.de\/shop\/wp-content\/uploads\/2020\/12\/Biohof-Rietzler-Getreide-und-Kartoffeln-Wappen-Favicon-150x150-1.png\",\"width\":150,\"height\":150,\"caption\":\"Biohof Rietzler\"},\"image\":{\"@id\":\"https:\/\/www.bio-getreide-bayern.de\/shop\/#\/schema\/logo\/image\/\"},\"sameAs\":[\"https:\/\/www-bio-getreide-bayern.de\",\"https:\/\/www.bio-getreide-bayern.de\"]}]}<\/script>\n<!-- \/ Yoast SEO plugin. -->","yoast_head_json":{"title":"Biohof Rietzler - Anbau von Bio Kartoffeln und Urgetreide","description":"Im Biohof Rietzler finden Sie regionale und unbehandelte Bio Kartoffeln und Urgetreide. Nachhaltiger Anbau ohne tierischen D\u00fcnger","robots":{"index":"index","follow":"follow","max-snippet":"max-snippet:-1","max-image-preview":"max-image-preview:large","max-video-preview":"max-video-preview:-1"},"canonical":"https:\/\/www.bio-getreide-bayern.de\/shop\/","og_locale":"de_DE","og_type":"article","og_title":"Biohof Rietzler - Anbau von Bio Kartoffeln und Urgetreide","og_description":"Im Biohof Rietzler finden Sie regionale und unbehandelte Bio Kartoffeln und Urgetreide. Nachhaltiger Anbau ohne tierischen D\u00fcnger","og_url":"https:\/\/www.bio-getreide-bayern.de\/shop\/","og_site_name":"Biohof Rietzler","article_publisher":"https:\/\/www-bio-getreide-bayern.de","article_modified_time":"2025-05-07T10:30:51+00:00","og_image":[{"width":2560,"height":1327,"url":"https:\/\/www.bio-getreide-bayern.de\/shop\/wp-content\/uploads\/2021\/05\/Hero-Bild-scaled.jpeg","type":"image\/jpeg"}],"twitter_card":"summary_large_image","twitter_misc":{"Gesch\u00e4tzte Lesezeit":"8\u00a0Minuten"},"schema":{"@context":"https:\/\/schema.org","@graph":[{"@type":"WebPage","@id":"https:\/\/www.bio-getreide-bayern.de\/shop\/","url":"https:\/\/www.bio-getreide-bayern.de\/shop\/","name":"Biohof Rietzler - Anbau von Bio Kartoffeln und Urgetreide","isPartOf":{"@id":"https:\/\/www.bio-getreide-bayern.de\/shop\/#website"},"primaryImageOfPage":{"@id":"https:\/\/www.bio-getreide-bayern.de\/shop\/#primaryimage"},"image":{"@id":"https:\/\/www.bio-getreide-bayern.de\/shop\/#primaryimage"},"thumbnailUrl":"https:\/\/www.bio-getreide-bayern.de\/shop\/wp-content\/uploads\/2021\/05\/Hero-Bild-scaled.jpeg","datePublished":"2018-08-13T13:20:57+00:00","dateModified":"2025-05-07T10:30:51+00:00","description":"Im Biohof Rietzler finden Sie regionale und unbehandelte Bio Kartoffeln und Urgetreide. Nachhaltiger Anbau ohne tierischen D\u00fcnger","breadcrumb":{"@id":"https:\/\/www.bio-getreide-bayern.de\/shop\/#breadcrumb"},"inLanguage":"de","potentialAction":[{"@type":"ReadAction","target":["https:\/\/www.bio-getreide-bayern.de\/shop\/"]}]},{"@type":"ImageObject","inLanguage":"de","@id":"https:\/\/www.bio-getreide-bayern.de\/shop\/#primaryimage","url":"https:\/\/www.bio-getreide-bayern.de\/shop\/wp-content\/uploads\/2021\/05\/Hero-Bild-scaled.jpeg","contentUrl":"https:\/\/www.bio-getreide-bayern.de\/shop\/wp-content\/uploads\/2021\/05\/Hero-Bild-scaled.jpeg","width":2560,"height":1327,"caption":"Hero Bild Wiese Getreide"},{"@type":"BreadcrumbList","@id":"https:\/\/www.bio-getreide-bayern.de\/shop\/#breadcrumb","itemListElement":[{"@type":"ListItem","position":1,"name":"Startseite","item":"https:\/\/www.bio-getreide-bayern.de\/shop\/"},{"@type":"ListItem","position":2,"name":"Startseite"}]},{"@type":"WebSite","@id":"https:\/\/www.bio-getreide-bayern.de\/shop\/#website","url":"https:\/\/www.bio-getreide-bayern.de\/shop\/","name":"www.bio-getreide-bayern.de","description":"GETREIDE &amp; KARTOFFELN AUS BAYERN","publisher":{"@id":"https:\/\/www.bio-getreide-bayern.de\/shop\/#organization"},"potentialAction":[{"@type":"SearchAction","target":{"@type":"EntryPoint","urlTemplate":"https:\/\/www.bio-getreide-bayern.de\/shop\/?s={search_term_string}"},"query-input":{"@type":"PropertyValueSpecification","valueRequired":true,"valueName":"search_term_string"}}],"inLanguage":"de"},{"@type":"Organization","@id":"https:\/\/www.bio-getreide-bayern.de\/shop\/#organization","name":"Biohof Rietzler","url":"https:\/\/www.bio-getreide-bayern.de\/shop\/","logo":{"@type":"ImageObject","inLanguage":"de","@id":"https:\/\/www.bio-getreide-bayern.de\/shop\/#\/schema\/logo\/image\/","url":"https:\/\/www.bio-getreide-bayern.de\/shop\/wp-content\/uploads\/2020\/12\/Biohof-Rietzler-Getreide-und-Kartoffeln-Wappen-Favicon-150x150-1.png","contentUrl":"https:\/\/www.bio-getreide-bayern.de\/shop\/wp-content\/uploads\/2020\/12\/Biohof-Rietzler-Getreide-und-Kartoffeln-Wappen-Favicon-150x150-1.png","width":150,"height":150,"caption":"Biohof Rietzler"},"image":{"@id":"https:\/\/www.bio-getreide-bayern.de\/shop\/#\/schema\/logo\/image\/"},"sameAs":["https:\/\/www-bio-getreide-bayern.de","https:\/\/www.bio-getreide-bayern.de"]}]}},"_links":{"self":[{"href":"https:\/\/www.bio-getreide-bayern.de\/shop\/wp-json\/wp\/v2\/pages\/405","targetHints":{"allow":["GET"]}}],"collection":[{"href":"https:\/\/www.bio-getreide-bayern.de\/shop\/wp-json\/wp\/v2\/pages"}],"about":[{"href":"https:\/\/www.bio-getreide-bayern.de\/shop\/wp-json\/wp\/v2\/types\/page"}],"author":[{"embeddable":true,"href":"https:\/\/www.bio-getreide-bayern.de\/shop\/wp-json\/wp\/v2\/users\/1"}],"replies":[{"embeddable":true,"href":"https:\/\/www.bio-getreide-bayern.de\/shop\/wp-json\/wp\/v2\/comments?post=405"}],"version-history":[{"count":166,"href":"https:\/\/www.bio-getreide-bayern.de\/shop\/wp-json\/wp\/v2\/pages\/405\/revisions"}],"predecessor-version":[{"id":4006,"href":"https:\/\/www.bio-getreide-bayern.de\/shop\/wp-json\/wp\/v2\/pages\/405\/revisions\/4006"}],"wp:featuredmedia":[{"embeddable":true,"href":"https:\/\/www.bio-getreide-bayern.de\/shop\/wp-json\/wp\/v2\/media\/1474"}],"wp:attachment":[{"href":"https:\/\/www.bio-getreide-bayern.de\/shop\/wp-json\/wp\/v2\/media?parent=405"}],"curies":[{"name":"wp","href":"https:\/\/api.w.org\/{rel}","templated":true}]}}